{"id":46,"date":"2018-01-04T18:19:32","date_gmt":"2018-01-04T18:19:32","guid":{"rendered":"http:\/\/ventaniella.com\/?page_id=46"},"modified":"2023-10-24T19:01:11","modified_gmt":"2023-10-24T19:01:11","slug":"ventaniella","status":"publish","type":"page","link":"https:\/\/ventaniella.com\/","title":{"rendered":"Ventaniella"},"content":{"rendered":"<p>[et_pb_section fb_built=\u00bb1&#8243; fullwidth=\u00bbon\u00bb _builder_version=\u00bb4.16&#8243; global_colors_info=\u00bb{}\u00bb][et_pb_fullwidth_slider _builder_version=\u00bb4.17.5&#8243; custom_button=\u00bbon\u00bb button_border_radius=\u00bb12px\u00bb box_shadow_style=\u00bbpreset6&#8243; box_shadow_blur=\u00bb10px\u00bb box_shadow_color=\u00bbrgba(0,0,0,0.1)\u00bb global_colors_info=\u00bb{}\u00bb button_text_size__hover_enabled=\u00bboff\u00bb button_one_text_size__hover_enabled=\u00bboff\u00bb button_two_text_size__hover_enabled=\u00bboff\u00bb button_text_color__hover_enabled=\u00bboff\u00bb button_one_text_color__hover_enabled=\u00bboff\u00bb button_two_text_color__hover_enabled=\u00bboff\u00bb button_border_width__hover_enabled=\u00bboff\u00bb button_one_border_width__hover_enabled=\u00bboff\u00bb button_two_border_width__hover_enabled=\u00bboff\u00bb button_border_color__hover_enabled=\u00bboff\u00bb button_one_border_color__hover_enabled=\u00bboff\u00bb button_two_border_color__hover_enabled=\u00bboff\u00bb button_border_radius__hover_enabled=\u00bboff\u00bb button_one_border_radius__hover_enabled=\u00bboff\u00bb button_two_border_radius__hover_enabled=\u00bboff\u00bb button_letter_spacing__hover_enabled=\u00bboff\u00bb button_one_letter_spacing__hover_enabled=\u00bboff\u00bb button_two_letter_spacing__hover_enabled=\u00bboff\u00bb button_bg_color__hover_enabled=\u00bboff\u00bb button_one_bg_color__hover_enabled=\u00bboff\u00bb button_two_bg_color__hover_enabled=\u00bboff\u00bb][et_pb_slide heading=\u00bbCaser\u00eda de Ventaniella\u00bb button_text=\u00bbContactar\u00bb button_link=\u00bbhttp:\/\/ventaniella.com\/index.php\/contacto\/\u00bb use_bg_overlay=\u00bboff\u00bb use_text_overlay=\u00bboff\u00bb _builder_version=\u00bb4.16&#8243; background_color=\u00bb#ffffff\u00bb background_image=\u00bbhttps:\/\/ventaniella.com\/wp-content\/uploads\/2018\/03\/Caseri\u0301a-ermita-y-oratorio-banner-2-e1519899564367.jpg\u00bb background_enable_image=\u00bbon\u00bb button_on_hover=\u00bbon\u00bb global_colors_info=\u00bb{}\u00bb button_text_size__hover_enabled=\u00bboff\u00bb button_one_text_size__hover_enabled=\u00bboff\u00bb button_two_text_size__hover_enabled=\u00bboff\u00bb button_text_color__hover_enabled=\u00bboff\u00bb button_one_text_color__hover_enabled=\u00bboff\u00bb button_two_text_color__hover_enabled=\u00bboff\u00bb button_border_width__hover_enabled=\u00bboff\u00bb button_one_border_width__hover_enabled=\u00bboff\u00bb button_two_border_width__hover_enabled=\u00bboff\u00bb button_border_color__hover_enabled=\u00bboff\u00bb button_one_border_color__hover_enabled=\u00bboff\u00bb button_two_border_color__hover_enabled=\u00bboff\u00bb button_border_radius__hover_enabled=\u00bboff\u00bb button_one_border_radius__hover_enabled=\u00bboff\u00bb button_two_border_radius__hover_enabled=\u00bboff\u00bb button_letter_spacing__hover_enabled=\u00bboff\u00bb button_one_letter_spacing__hover_enabled=\u00bboff\u00bb button_two_letter_spacing__hover_enabled=\u00bboff\u00bb button_bg_color__hover_enabled=\u00bboff\u00bb button_one_bg_color__hover_enabled=\u00bboff\u00bb button_two_bg_color__hover_enabled=\u00bboff\u00bb sticky_transition=\u00bbon\u00bb]Caser\u00eda, vega y puerto de Sobrefoz, Asturias.<br \/>\n[\/et_pb_slide][et_pb_slide heading=\u00bbCaser\u00eda de Ventaniella\u00bb button_text=\u00bbContactar\u00bb button_link=\u00bbhttp:\/\/ventaniella.com\/index.php\/contacto\/\u00bb use_bg_overlay=\u00bboff\u00bb use_text_overlay=\u00bboff\u00bb _builder_version=\u00bb4.16&#8243; body_font=\u00bb|700|||||||\u00bb background_color=\u00bb#ffffff\u00bb background_image=\u00bbhttps:\/\/ventaniella.com\/wp-content\/uploads\/2021\/01\/Ventaniella-Javier-Alcantara-enero-2020.jpeg\u00bb background_enable_image=\u00bbon\u00bb custom_button=\u00bbon\u00bb button_text_color=\u00bb#000000&#8243; button_bg_color=\u00bbrgba(0,116,193,0.34)\u00bb button_on_hover=\u00bbon\u00bb global_colors_info=\u00bb{}\u00bb button_text_size__hover_enabled=\u00bboff\u00bb button_one_text_size__hover_enabled=\u00bboff\u00bb button_two_text_size__hover_enabled=\u00bboff\u00bb button_text_color__hover_enabled=\u00bboff\u00bb button_one_text_color__hover_enabled=\u00bboff\u00bb button_two_text_color__hover_enabled=\u00bboff\u00bb button_border_width__hover_enabled=\u00bboff\u00bb button_one_border_width__hover_enabled=\u00bboff\u00bb button_two_border_width__hover_enabled=\u00bboff\u00bb button_border_color__hover_enabled=\u00bboff\u00bb button_one_border_color__hover_enabled=\u00bboff\u00bb button_two_border_color__hover_enabled=\u00bboff\u00bb button_border_radius__hover_enabled=\u00bboff\u00bb button_one_border_radius__hover_enabled=\u00bboff\u00bb button_two_border_radius__hover_enabled=\u00bboff\u00bb button_letter_spacing__hover_enabled=\u00bboff\u00bb button_one_letter_spacing__hover_enabled=\u00bboff\u00bb button_two_letter_spacing__hover_enabled=\u00bboff\u00bb button_bg_color__hover_enabled=\u00bboff\u00bb button_one_bg_color__hover_enabled=\u00bboff\u00bb button_two_bg_color__hover_enabled=\u00bboff\u00bb sticky_transition=\u00bbon\u00bb]Caser\u00eda, vega y puerto de Sobrefoz, Asturias.<br \/>\n[\/et_pb_slide][et_pb_slide heading=\u00bbCaser\u00eda de Ventaniella\u00bb button_text=\u00bbContactar\u00bb button_link=\u00bbhttp:\/\/ventaniella.com\/index.php\/contacto\/\u00bb use_bg_overlay=\u00bboff\u00bb use_text_overlay=\u00bboff\u00bb _builder_version=\u00bb4.17.5&#8243; background_color=\u00bb#ffffff\u00bb background_image=\u00bbhttps:\/\/ventaniella.com\/wp-content\/uploads\/2018\/01\/Ventaniella-banner.jpg\u00bb background_enable_image=\u00bbon\u00bb button_on_hover=\u00bbon\u00bb custom_css_slide_container=\u00bbheight: 700px !important; max-height: 700px;\u00bb global_colors_info=\u00bb{}\u00bb button_text_size__hover_enabled=\u00bboff\u00bb button_one_text_size__hover_enabled=\u00bboff\u00bb button_two_text_size__hover_enabled=\u00bboff\u00bb button_text_color__hover_enabled=\u00bboff\u00bb button_one_text_color__hover_enabled=\u00bboff\u00bb button_two_text_color__hover_enabled=\u00bboff\u00bb button_border_width__hover_enabled=\u00bboff\u00bb button_one_border_width__hover_enabled=\u00bboff\u00bb button_two_border_width__hover_enabled=\u00bboff\u00bb button_border_color__hover_enabled=\u00bboff\u00bb button_one_border_color__hover_enabled=\u00bboff\u00bb button_two_border_color__hover_enabled=\u00bboff\u00bb button_border_radius__hover_enabled=\u00bboff\u00bb button_one_border_radius__hover_enabled=\u00bboff\u00bb button_two_border_radius__hover_enabled=\u00bboff\u00bb button_letter_spacing__hover_enabled=\u00bboff\u00bb button_one_letter_spacing__hover_enabled=\u00bboff\u00bb button_two_letter_spacing__hover_enabled=\u00bboff\u00bb button_bg_color__hover_enabled=\u00bboff\u00bb button_one_bg_color__hover_enabled=\u00bboff\u00bb button_two_bg_color__hover_enabled=\u00bboff\u00bb sticky_transition=\u00bbon\u00bb]Caser\u00eda, vega y puerto de Sobrefoz, Asturias.<br \/>\n[\/et_pb_slide][\/et_pb_fullwidth_slider][\/et_pb_section][et_pb_section fb_built=\u00bb1&#8243; _builder_version=\u00bb4.16&#8243; global_colors_info=\u00bb{}\u00bb][et_pb_row column_structure=\u00bb1_2,1_2&#8243; _builder_version=\u00bb4.16&#8243; _module_preset=\u00bbdefault\u00bb global_colors_info=\u00bb{}\u00bb][et_pb_column type=\u00bb1_2&#8243; _builder_version=\u00bb4.16&#8243; _module_preset=\u00bbdefault\u00bb global_colors_info=\u00bb{}\u00bb][\/et_pb_column][et_pb_column type=\u00bb1_2&#8243; _builder_version=\u00bb4.16&#8243; _module_preset=\u00bbdefault\u00bb global_colors_info=\u00bb{}\u00bb][et_pb_text _builder_version=\u00bb4.16&#8243; _module_preset=\u00bbdefault\u00bb global_colors_info=\u00bb{}\u00bb]<\/p>\n<p style=\"text-align: right;\">Arriba: im\u00e1genes de Javier Alc\u00e1ntara y Pedro Carrio.<\/p>\n<p>[\/et_pb_text][\/et_pb_column][\/et_pb_row][et_pb_row column_structure=\u00bb1_2,1_2&#8243; _builder_version=\u00bb4.16&#8243; background_size=\u00bbinitial\u00bb background_position=\u00bbtop_left\u00bb background_repeat=\u00bbrepeat\u00bb global_colors_info=\u00bb{}\u00bb][et_pb_column type=\u00bb1_2&#8243; _builder_version=\u00bb4.16&#8243; custom_padding=\u00bb|||\u00bb global_colors_info=\u00bb{}\u00bb custom_padding__hover=\u00bb|||\u00bb][et_pb_accordion _builder_version=\u00bb4.20.4&#8243; global_colors_info=\u00bb{}\u00bb][et_pb_accordion_item title=\u00bbLa caser\u00eda\u00bb open=\u00bbon\u00bb _builder_version=\u00bb4.20.4&#8243; global_colors_info=\u00bb{}\u00bb]<div id=\"attachment_100\" style=\"width: 310px\" class=\"wp-caption alignleft\"><img loading=\"lazy\" decoding=\"async\" aria-describedby=\"caption-attachment-100\" class=\"wp-image-100 size-medium\" src=\"wp-content\/uploads\/2018\/01\/La-Casa-PP-300x225.jpg\" alt=\"\" width=\"300\" height=\"225\" srcset=\"https:\/\/ventaniella.com\/wp-content\/uploads\/2018\/01\/La-Casa-PP-300x225.jpg 300w, https:\/\/ventaniella.com\/wp-content\/uploads\/2018\/01\/La-Casa-PP-510x382.jpg 510w, https:\/\/ventaniella.com\/wp-content\/uploads\/2018\/01\/La-Casa-PP.jpg 640w\" sizes=\"auto, (max-width: 300px) 100vw, 300px\" \/><p id=\"caption-attachment-100\" class=\"wp-caption-text\">La Casa<\/p><\/div><\/p>\n<p>En pleno Parque Natural de Ponga, Ventaniella es una caser\u00eda con cuadra, albergue, prader\u00eda y capilla. Est\u00e1 situada al pie del puerto que lleva su mismo nombre, muy cerca de la raya que divide el territorio de Asturias y Le\u00f3n. Dista\u00a08 km. del pueblo de Sobrefoz, y se puede acceder a ella en coche. Cada cuatro a\u00f1os la caser\u00eda sale a concurso (puja), en primera instancia, entre vecinos y nativos de Sobrefoz.\u00a0<strong><\/strong><\/p>\n<p>[\/et_pb_accordion_item][et_pb_accordion_item title=\u00bbEl Puerto de Ventaniella\u00bb _builder_version=\u00bb4.20.4&#8243; global_colors_info=\u00bb{}\u00bb open=\u00bboff\u00bb]<\/p>\n<p>Gonzalo Barrena El puerto de Ventaniella, junto con el de La Fonfr\u00eda tras la vega de Arcenoriu, constituye uno de los principales pasos comarcales de la cordillera. Por \u00e9l discurrieron hasta un pasado reciente las reatas y caballer\u00edas que mercadeaban entre Asturias y La Meseta. Pero Ventaniella nombra tambi\u00e9n la feraz vega sobre la que desde \u00e9poca medieval se habilit\u00f3 un importante terrazgo de pasto y labor, moliner\u00eda y un albergue para caminantes, como era habitual en el tr\u00e1nsito de los puertos. La propiedad permanece desde hace siglos en manos de la parroquia de Sobrefoz, que la arrienda cada cuatro a\u00f1os al vecino que m\u00e1s puja en la subasta para casero. A su alrededor, y aprovechando en su tiempo la abundante montanera de fayuco y bellotas, pacen los reba\u00f1os del pueblo, entretenidos principalmente en el pasto de La Salguerosa o El Xerru, majadas de la parroquia.<\/p>\n<p>[\/et_pb_accordion_item][\/et_pb_accordion][et_pb_blurb title=\u00bbAsturias Vertical\u00bb image=\u00bbhttps:\/\/ventaniella.com\/wp-content\/uploads\/2023\/10\/Logotipo-Asturias-Vertical.png\u00bb _builder_version=\u00bb4.23&#8243; _module_preset=\u00bbdefault\u00bb custom_padding=\u00bb10px|10px|10px|10px|true|true\u00bb background_layout=\u00bbdark\u00bb background_color=\u00bb#0C71C3&#8243; hover_enabled=\u00bb0&#8243; sticky_enabled=\u00bb0&#8243; title_text=\u00bbLogotipo-Asturias-Vertical\u00bb icon_placement=\u00bbleft\u00bb url=\u00bbhttps:\/\/asturiasvertical.com\u00bb url_new_window=\u00bbon\u00bb link_option_url=\u00bbhttps:\/\/asturiasvertical.com\u00bb link_option_url_new_window=\u00bbon\u00bb border_radii=\u00bbon|7px|7px|7px|7px\u00bb]<\/p>\n<p>Gu\u00eda local de Los Picos de Europa y del Parque Natural de Ponga<\/p>\n<p>[\/et_pb_blurb][\/et_pb_column][et_pb_column type=\u00bb1_2&#8243; _builder_version=\u00bb4.16&#8243; custom_padding=\u00bb|||\u00bb global_colors_info=\u00bb{}\u00bb custom_padding__hover=\u00bb|||\u00bb][et_pb_code _builder_version=\u00bb4.16&#8243; global_colors_info=\u00bb{}\u00bb]<iframe loading=\"lazy\" src=\"https:\/\/www.google.com\/maps\/d\/embed?mid=1KkcWj_BxQbmd4tAqRb0GGqsj5kez_4Pi\" width=\"640\" height=\"480\"><\/iframe>[\/et_pb_code][et_pb_cta title=\u00bbGu\u00eda de Los Picos de Europa\u00bb button_url=\u00bbhttp:\/\/alospicos.com\u00bb url_new_window=\u00bbon\u00bb button_text=\u00bbAcceder\u00bb _builder_version=\u00bb4.16&#8243; background_color=\u00bb#3b5998&#8243; global_colors_info=\u00bb{}\u00bb button_text_size__hover_enabled=\u00bboff\u00bb button_one_text_size__hover_enabled=\u00bboff\u00bb button_two_text_size__hover_enabled=\u00bboff\u00bb button_text_color__hover_enabled=\u00bboff\u00bb button_one_text_color__hover_enabled=\u00bboff\u00bb button_two_text_color__hover_enabled=\u00bboff\u00bb button_border_width__hover_enabled=\u00bboff\u00bb button_one_border_width__hover_enabled=\u00bboff\u00bb button_two_border_width__hover_enabled=\u00bboff\u00bb button_border_color__hover_enabled=\u00bboff\u00bb button_one_border_color__hover_enabled=\u00bboff\u00bb button_two_border_color__hover_enabled=\u00bboff\u00bb button_border_radius__hover_enabled=\u00bboff\u00bb button_one_border_radius__hover_enabled=\u00bboff\u00bb button_two_border_radius__hover_enabled=\u00bboff\u00bb button_letter_spacing__hover_enabled=\u00bboff\u00bb button_one_letter_spacing__hover_enabled=\u00bboff\u00bb button_two_letter_spacing__hover_enabled=\u00bboff\u00bb button_bg_color__hover_enabled=\u00bboff\u00bb button_one_bg_color__hover_enabled=\u00bboff\u00bb button_two_bg_color__hover_enabled=\u00bboff\u00bb][\/et_pb_cta][\/et_pb_column][\/et_pb_row][et_pb_row column_structure=\u00bb1_4,1_4,1_4,1_4&#8243; _builder_version=\u00bb4.16&#8243; background_size=\u00bbinitial\u00bb background_position=\u00bbtop_left\u00bb background_repeat=\u00bbrepeat\u00bb global_colors_info=\u00bb{}\u00bb][et_pb_column type=\u00bb1_4&#8243; _builder_version=\u00bb4.16&#8243; custom_padding=\u00bb|||\u00bb global_colors_info=\u00bb{}\u00bb custom_padding__hover=\u00bb|||\u00bb][et_pb_blurb title=\u00bbTel\u00e9fonos\u00bb use_icon=\u00bbon\u00bb font_icon=\u00bb&#xe00b;||divi||400&#8243; icon_color=\u00bb#ffffff\u00bb _builder_version=\u00bb4.20.4&#8243; background_color=\u00bb#013220&#8243; text_orientation=\u00bbcenter\u00bb background_layout=\u00bbdark\u00bb custom_padding=\u00bb15px|15px|15px|15px\u00bb global_colors_info=\u00bb{}\u00bb](Pendiente de confirmaci\u00f3n por parte del nuevo casero)[\/et_pb_blurb][\/et_pb_column][et_pb_column type=\u00bb1_4&#8243; _builder_version=\u00bb4.16&#8243; custom_padding=\u00bb|||\u00bb global_colors_info=\u00bb{}\u00bb custom_padding__hover=\u00bb|||\u00bb][et_pb_blurb title=\u00bbFacebook\u00bb url=\u00bbhttps:\/\/www.facebook.com\/profile.php?id=100009198448582&#8243; url_new_window=\u00bbon\u00bb use_icon=\u00bbon\u00bb font_icon=\u00bb&#xe0c1;||divi||400&#8243; icon_color=\u00bb#ffffff\u00bb _builder_version=\u00bb4.20.4&#8243; background_color=\u00bb #3b5998&#8243; text_orientation=\u00bbcenter\u00bb background_layout=\u00bbdark\u00bb custom_padding=\u00bb15px|15px|15px|15px\u00bb global_colors_info=\u00bb{}\u00bb](Pendiente de confirmaci\u00f3n por parte del nuevo casero)[\/et_pb_blurb][\/et_pb_column][et_pb_column type=\u00bb1_4&#8243; _builder_version=\u00bb4.16&#8243; custom_padding=\u00bb|||\u00bb global_colors_info=\u00bb{}\u00bb custom_padding__hover=\u00bb|||\u00bb][et_pb_blurb title=\u00bbTextos\u00bb url=\u00bbhttp:\/\/ventaniella.com\/index.php\/historia\/\u00bb use_icon=\u00bbon\u00bb font_icon=\u00bb&#x69;||divi||400&#8243; icon_color=\u00bb#ffffff\u00bb _builder_version=\u00bb4.16&#8243; background_color=\u00bb#013220&#8243; text_orientation=\u00bbcenter\u00bb background_layout=\u00bbdark\u00bb custom_padding=\u00bb15px|15px|15px|15px\u00bb global_colors_info=\u00bb{}\u00bb]Art\u00edculos de car\u00e1cter hist\u00f3rico sobre el sitio de Ventaniella<br \/>\n[\/et_pb_blurb][\/et_pb_column][et_pb_column type=\u00bb1_4&#8243; _builder_version=\u00bb4.16&#8243; custom_padding=\u00bb|||\u00bb global_colors_info=\u00bb{}\u00bb custom_padding__hover=\u00bb|||\u00bb][et_pb_blurb title=\u00bbCaseros\u00bb url=\u00bbhttp:\/\/ventaniella.com\/index.php\/los-caseros\/\u00bb use_icon=\u00bbon\u00bb font_icon=\u00bb&#xe0a1;||divi||400&#8243; icon_color=\u00bb#ffffff\u00bb _builder_version=\u00bb4.20.4&#8243; background_color=\u00bb#013220&#8243; text_orientation=\u00bbcenter\u00bb background_layout=\u00bbdark\u00bb custom_padding=\u00bb15px|15px|15px|15px\u00bb global_colors_info=\u00bb{}\u00bb]Relaci\u00f3n de caseros y caseras de Ventaniella, siglo XX y XXI[\/et_pb_blurb][et_pb_social_media_follow _builder_version=\u00bb4.16&#8243; global_colors_info=\u00bb{}\u00bb][\/et_pb_social_media_follow][\/et_pb_column][\/et_pb_row][\/et_pb_section]<\/p>\n","protected":false},"excerpt":{"rendered":"<p>Caser\u00eda, vega y puerto de Sobrefoz, Asturias. Caser\u00eda, vega y puerto de Sobrefoz, Asturias. Caser\u00eda, vega y puerto de Sobrefoz, Asturias. Arriba: im\u00e1genes de Javier Alc\u00e1ntara y Pedro Carrio. En pleno Parque Natural de Ponga, Ventaniella es una caser\u00eda con cuadra, albergue, prader\u00eda y capilla. Est\u00e1 situada al pie del puerto que lleva su mismo [&hellip;]<\/p>\n","protected":false},"author":1,"featured_media":0,"parent":0,"menu_order":0,"comment_status":"closed","ping_status":"closed","template":"","meta":{"_et_pb_use_builder":"on","_et_pb_old_content":"","_et_gb_content_width":"","footnotes":""},"class_list":["post-46","page","type-page","status-publish","hentry"],"_links":{"self":[{"href":"https:\/\/ventaniella.com\/index.php\/wp-json\/wp\/v2\/pages\/46","targetHints":{"allow":["GET"]}}],"collection":[{"href":"https:\/\/ventaniella.com\/index.php\/wp-json\/wp\/v2\/pages"}],"about":[{"href":"https:\/\/ventaniella.com\/index.php\/wp-json\/wp\/v2\/types\/page"}],"author":[{"embeddable":true,"href":"https:\/\/ventaniella.com\/index.php\/wp-json\/wp\/v2\/users\/1"}],"replies":[{"embeddable":true,"href":"https:\/\/ventaniella.com\/index.php\/wp-json\/wp\/v2\/comments?post=46"}],"version-history":[{"count":63,"href":"https:\/\/ventaniella.com\/index.php\/wp-json\/wp\/v2\/pages\/46\/revisions"}],"predecessor-version":[{"id":24720,"href":"https:\/\/ventaniella.com\/index.php\/wp-json\/wp\/v2\/pages\/46\/revisions\/24720"}],"wp:attachment":[{"href":"https:\/\/ventaniella.com\/index.php\/wp-json\/wp\/v2\/media?parent=46"}],"curies":[{"name":"wp","href":"https:\/\/api.w.org\/{rel}","templated":true}]}}